{"id":1040,"date":"2021-08-31T14:46:31","date_gmt":"2021-08-31T12:46:31","guid":{"rendered":"https:\/\/twp.bluecompanion.eu\/?page_id=1040"},"modified":"2025-03-21T19:55:29","modified_gmt":"2025-03-21T18:55:29","slug":"statuto-dellassociazione","status":"publish","type":"page","link":"https:\/\/sindart.it\/?page_id=1040","title":{"rendered":"Statuto dell&#8217;Associazione"},"content":{"rendered":"\t\t<div data-elementor-type=\"wp-page\" data-elementor-id=\"1040\" class=\"elementor elementor-1040\" data-elementor-post-type=\"page\">\n\t\t\t\t\t\t<section class=\"elementor-section elementor-top-section elementor-element elementor-element-2a0d6048 elementor-section-boxed elementor-section-height-default elementor-section-height-default\" data-id=\"2a0d6048\" data-element_type=\"section\">\n\t\t\t\t\t\t<div class=\"elementor-container elementor-column-gap-default\">\n\t\t\t\t\t<div class=\"elementor-column elementor-col-100 elementor-top-column elementor-element elementor-element-5cb664ef\" data-id=\"5cb664ef\" data-element_type=\"column\">\n\t\t\t<div class=\"elementor-widget-wrap elementor-element-populated\">\n\t\t\t\t\t\t<div class=\"elementor-element elementor-element-14ebf0e elementor-widget elementor-widget-text-editor\" data-id=\"14ebf0e\" data-element_type=\"widget\" data-widget_type=\"text-editor.default\">\n\t\t\t\t<div class=\"elementor-widget-container\">\n\t\t\t\t\t\t\t\t\t<h1 style=\"text-align: center;\"><strong>STATUTO<\/strong><\/h1>\t\t\t\t\t\t\t\t<\/div>\n\t\t\t\t<\/div>\n\t\t\t\t<div class=\"elementor-element elementor-element-0d8a8c2 elementor-widget-divider--view-line elementor-widget elementor-widget-divider\" data-id=\"0d8a8c2\" data-element_type=\"widget\" data-widget_type=\"divider.default\">\n\t\t\t\t<div class=\"elementor-widget-container\">\n\t\t\t\t\t\t\t<div class=\"elementor-divider\">\n\t\t\t<span class=\"elementor-divider-separator\">\n\t\t\t\t\t\t<\/span>\n\t\t<\/div>\n\t\t\t\t\t\t<\/div>\n\t\t\t\t<\/div>\n\t\t\t\t<div class=\"elementor-element elementor-element-075f217 elementor-widget elementor-widget-text-editor\" data-id=\"075f217\" data-element_type=\"widget\" data-widget_type=\"text-editor.default\">\n\t\t\t\t<div class=\"elementor-widget-container\">\n\t\t\t\t\t\t\t\t\t<p><strong>Titolo I &#8211; Costituzione &#8211; Sede &#8211; Durata &#8211; Scopi<\/strong><\/p>\t\t\t\t\t\t\t\t<\/div>\n\t\t\t\t<\/div>\n\t\t\t\t<div class=\"elementor-element elementor-element-7a32450 elementor-widget elementor-widget-text-editor\" data-id=\"7a32450\" data-element_type=\"widget\" data-widget_type=\"text-editor.default\">\n\t\t\t\t<div class=\"elementor-widget-container\">\n\t\t\t\t\t\t\t\t\t<p><strong>Art.1<\/strong><\/p>\t\t\t\t\t\t\t\t<\/div>\n\t\t\t\t<\/div>\n\t\t\t\t<div class=\"elementor-element elementor-element-2067ccf9 elementor-widget elementor-widget-text-editor\" data-id=\"2067ccf9\" data-element_type=\"widget\" data-widget_type=\"text-editor.default\">\n\t\t\t\t<div class=\"elementor-widget-container\">\n\t\t\t\t\t\t\t\t\t<p>Ai sensi degli artt.36 e ss. del c.c., \u00c8 costituita L\u2019Associazione denominata &#8220;SINDACATO ARTIGIANI\u201d, siglabile &#8220;CASARTIGIANI\u201d.<\/p><p>Essa ha sede legale in Torino Via Gian Domenico Cassini n. 44.<\/p><p>La durata dell\u2019Associazione \u00e8 illimitata ed \u00e8 L\u2019Assemblea Generale degli Associati che ne potr\u00e0 determinare lo scioglimento con le modalit\u00e0 previste nel presente Statuto.<\/p>\t\t\t\t\t\t\t\t<\/div>\n\t\t\t\t<\/div>\n\t\t\t\t<div class=\"elementor-element elementor-element-b88a219 elementor-widget elementor-widget-text-editor\" data-id=\"b88a219\" data-element_type=\"widget\" data-widget_type=\"text-editor.default\">\n\t\t\t\t<div class=\"elementor-widget-container\">\n\t\t\t\t\t\t\t\t\t<p><strong>Art.2<\/strong><\/p>\t\t\t\t\t\t\t\t<\/div>\n\t\t\t\t<\/div>\n\t\t\t\t<div class=\"elementor-element elementor-element-0f5076c elementor-widget elementor-widget-text-editor\" data-id=\"0f5076c\" data-element_type=\"widget\" data-widget_type=\"text-editor.default\">\n\t\t\t\t<div class=\"elementor-widget-container\">\n\t\t\t\t\t\t\t\t\t<p>L\u2019Associazione non ha fini di lucro, non pu\u00f2 avere vincoli con Partiti Politici e costituisce il sistema di rappresentanza delle imprese, delle attivit\u00e0 professionali e dei lavoratori autonomi con sede od unit\u00e0 locali nella Regione Piemonte, che si riconoscono &#8211; in particolare nei settori dell\u2019artigianato, ma anche pi\u00f9 in generale in quelli dei servizi alle imprese ed alle persone in senso ampio &#8211; nei valori del mercato e della concorrenza, della responsabilit\u00e0 sociale dell\u2019attivit\u00e0 d&#8217;impresa e del servizio reso ai cittadini, ai consumatori e agli utenti.<\/p><p>L\u2019Associazione, in particolare, ha le finalit\u00e0 istituzionali di:<\/p><ul><li>favorire le iniziative tendenti a promuovere ed incrementare l&#8217;Artigianato nonch\u00e9 le altre attivit\u00e0 di servizio alle imprese ed alla persona intese in senso ampio nella Provincia di Torino;<\/li><li>rappresentare e tutelare i diritti ed i legittimi interessi degli operatori rappresentati e quelli specifici degli imprenditori di tali settori nei rapporti con le Istituzioni e le Amministrazioni Pubbliche, con le componenti politiche e sociali, con le Organizzazioni economiche e sindacali, in collegamento con la Confederazione Autonoma Sindacati Artigiani e le sue Federazioni Nazionali di Categoria;<\/li><li>favorire, nell&#8217;interesse generale degli associati e\/o di loro categorie, la costituzione di Enti (Cooperative, Consorzi, Associazioni di imprese, ecc.) di categoria o territoriali per gli acquisti, le vendite, la gestione di servizi comuni e la promozione degli associati e\/o di loro categorie, anche attraverso forme pubblicitarie e propagandistiche;<\/li><li>disciplinare e coordinare l\u2019attivit\u00e0 sindacale delle categorie promuovendo tra di loro la solidariet\u00e0 e la collaborazione;<\/li><li>assistere e rappresentare gli associati nella stipulazione di contratti collettivi di lavoro ed accordi per la regolamentazione dei rapporti economici che implichino interessi collettivi nella sfera di competenza;<\/li><li>fornire consulenza ed assistenza legale, fiscale, tributaria, tecnica, economica, ecc. agli associati, approntando idonei servizi, nel rispetto delle normative che regolano l\u2019attivit\u00e0 delle libere professioni;<\/li><li>favorire iniziative mutualistiche, assicurative ed assistenziali a vantaggio degli associati e degli operatori delle categorie rappresentate;<\/li><li>collaborare con le Autorit\u00e0, con Enti ed Associazioni, sia locali che regionali o nazionali, al fine di tutelare gli interessi degli associati e\/o di loro categorie e quelli generali del consumatore;<\/li><li>designare e nominare propri rappresentanti o delegati in Enti, Organismi e Consessi, in cui la rappresentanza sia richiesta od ammessa, nell\u2019interesse delle categorie; promuovere la qualificazione e la professionalit\u00e0 degli Associati per una razionale gestione delle imprese.<\/li><\/ul><p>L\u2019Associazione pu\u00f2 compiere inoltre tutti quegli atti e quelle operazioni, anche di carattere immobiliare o finanziario, partecipare ad altri enti ed associazioni, chiedere ed ottenere fideiussioni, accendere mutui anche ipotecari e svolgere comunque tulle le operazioni che possano ritenersi convenienti e che in qualsiasi modo siano ritenute utili ai fini del raggiungimento degli scopi associativi.<\/p><p>L&#8217;Associazione aderisce alla &#8220;Confederazione Autonoma Sindacati Artigiani&#8221; di livello nazionale, denominata in breve &#8220;CASARTIGIANI&#8221;, ne utilizza il logo e ne accetta e rispetta lo Statuto nonch\u00e9 i deliberati degli Organi confederali, rappresentando la Confederazione nel proprio territorio regionale.<\/p><p>L\u2019Associazione potr\u00e0 altres\u00ec instaurare anche a livello provinciale rapporti di collaborazione organica con altre Associazioni di rappresentanza imprenditoriale, aventi finalit\u00e0 analoghe, al fine di meglio tutelare i settori rappresentati e le imprese associate.<\/p>\t\t\t\t\t\t\t\t<\/div>\n\t\t\t\t<\/div>\n\t\t\t\t<div class=\"elementor-element elementor-element-99a681a elementor-widget-divider--view-line elementor-widget elementor-widget-divider\" data-id=\"99a681a\" data-element_type=\"widget\" data-widget_type=\"divider.default\">\n\t\t\t\t<div class=\"elementor-widget-container\">\n\t\t\t\t\t\t\t<div class=\"elementor-divider\">\n\t\t\t<span class=\"elementor-divider-separator\">\n\t\t\t\t\t\t<\/span>\n\t\t<\/div>\n\t\t\t\t\t\t<\/div>\n\t\t\t\t<\/div>\n\t\t\t\t<div class=\"elementor-element elementor-element-8656db6 elementor-widget elementor-widget-text-editor\" data-id=\"8656db6\" data-element_type=\"widget\" data-widget_type=\"text-editor.default\">\n\t\t\t\t<div class=\"elementor-widget-container\">\n\t\t\t\t\t\t\t\t\t<p><strong>Titolo II &#8211; Associati e Contributi<\/strong><\/p>\t\t\t\t\t\t\t\t<\/div>\n\t\t\t\t<\/div>\n\t\t\t\t<div class=\"elementor-element elementor-element-455b22e elementor-widget elementor-widget-text-editor\" data-id=\"455b22e\" data-element_type=\"widget\" data-widget_type=\"text-editor.default\">\n\t\t\t\t<div class=\"elementor-widget-container\">\n\t\t\t\t\t\t\t\t\t<p><strong>Art.3<\/strong><\/p>\t\t\t\t\t\t\t\t<\/div>\n\t\t\t\t<\/div>\n\t\t\t\t<div class=\"elementor-element elementor-element-81bef66 elementor-widget elementor-widget-text-editor\" data-id=\"81bef66\" data-element_type=\"widget\" data-widget_type=\"text-editor.default\">\n\t\t\t\t<div class=\"elementor-widget-container\">\n\t\t\t\t\t\t\t\t\t<p>Possono far parte dell\u2019Associazione:<\/p><ul><li>in qualit\u00e0 di socio effettivo, le imprese individuali, le societ\u00e0 ed i lavoratori autonomi, con sede od unit\u00e0 locali nella Regione Piemonte, che svolgono la propria attivit\u00e0 imprenditoriale in particolare nei settori dell\u2019Artigianato, del commercio, dell\u2019industria e in quelli dei servizi alle imprese ed alle persone intese in senso ampio;<\/li><li>in qualit\u00e0 di socio aggregato, anche gli aspiranti imprenditori dei settori e delle categorie rappresentate, nonch\u00e9 gli imprenditori o lavoratori autonomi usciti dall\u2019attivit\u00e0 per limiti di anzianit\u00e0 o vecchiaia, purch\u00e9 residenti nel territorio provinciale.<\/li><\/ul><p>Nei rapporti associativi, le imprese individuali sono rappresentate dal titolare e\/o dal preposto alla gestione munito dei necessari poteri; le societ\u00e0 sono rappresentate da un legale rappresentante o da un procuratore speciale singolarmente munito dei necessari poteri.<\/p><p>Gli associati sono inquadrati all\u2019atto dell\u2019adesione in Sindacati di categoria istituiti dal Consiglio Direttivo.<\/p>\t\t\t\t\t\t\t\t<\/div>\n\t\t\t\t<\/div>\n\t\t\t\t<div class=\"elementor-element elementor-element-4cebcd5 elementor-widget elementor-widget-text-editor\" data-id=\"4cebcd5\" data-element_type=\"widget\" data-widget_type=\"text-editor.default\">\n\t\t\t\t<div class=\"elementor-widget-container\">\n\t\t\t\t\t\t\t\t\t<p><strong>Art.4<\/strong><\/p>\t\t\t\t\t\t\t\t<\/div>\n\t\t\t\t<\/div>\n\t\t\t\t<div class=\"elementor-element elementor-element-bb8e4bc elementor-widget elementor-widget-text-editor\" data-id=\"bb8e4bc\" data-element_type=\"widget\" data-widget_type=\"text-editor.default\">\n\t\t\t\t<div class=\"elementor-widget-container\">\n\t\t\t\t\t\t\t\t\t<p>L\u2019adesione all\u2019Associazione ha una durata annuale con decorrenza convenzionale dal 1\u00b0 gennaio dell\u2019anno di iscrizione; essa si rinnova successivamente tacitamente di anno in anno salvo recesso da comunicarsi almeno novanta giorni prima della scadenza del periodo in corso a mezzo lettera raccomandata o posta elettronica indirizzata al Presidente.<\/p><p>La domanda sottoscritta dall\u2019imprenditore individuale o dal legale rappresentante della societ\u00e0, si intende accettata qualora entro due mesi l&#8217;interessato non riceva comunicazione scritta Che essa \u00e8 stata respinta con decisione del Consiglio Direttivo. Tale comunicazione \u00e8 inappellabile.<\/p><p>I diritti e gli obblighi associativi decorrono dalla domanda di adesione e cessano convenzionalmente con il 31 dicembre dell&#8217;anno in cui viene meno la qualit\u00e0 di associato.<\/p><p>La qualit\u00e0 di associato non \u00e8 trasmissibile ad alcun titolo e l\u2019associato che abbia cessato di appartenere all\u2019Associazione non pu\u00f2 ripetere i contributi versati, ne ha alcun diritto sul patrimonio dell\u2019associazione.<\/p><p>La qualit\u00e0 di associato viene meno oltre che per recesso per le quali valgono le indicazioni contenute nel 1\u00b0 comma del presente articolo, per la perdita dei requisiti di ammissione previsti dal presente Statuto e per esclusione.<\/p><p>II recesso deve essere comunicato all&#8217;Associazione a mezzo lettera raccomandata o posta elettronica certificata ed anche in tal caso, l\u2018associato \u00e8 tenuto al pagamento dell\u2019intero contributo per l\u2019anno in cui tale comunicazione perviene all\u2019Associazione.<\/p><p>L\u2019esclusione pu\u00f2 essere decisa per:<\/p><ul><li>morosit\u00e0 verso L\u2019Associazione protrattasi per quattro mesi dopo formale diffida;<\/li><li>per condotta contraria agli interessi ed agli scopi dell\u2019Associazione;<\/li><li>per indegnit\u00e0 morale.<\/li><\/ul><p>\u00c8 fatto salvo iI diritto dell&#8217;Associazione di richiedere iI pagamento dei contributi associativi insoluti a termine di legge e di statuto per grave inosservanza delle norme statutarie e delle delibere degli Organi dell&#8217;Associazione.<\/p><p>Sull\u2019ammissione e sull\u2019esclusione degli associati \u00e8 competente a decidere iI Consiglio Direttivo con provvedimento inappellabile.<\/p>\t\t\t\t\t\t\t\t<\/div>\n\t\t\t\t<\/div>\n\t\t\t\t<div class=\"elementor-element elementor-element-7dfc5be elementor-widget elementor-widget-text-editor\" data-id=\"7dfc5be\" data-element_type=\"widget\" data-widget_type=\"text-editor.default\">\n\t\t\t\t<div class=\"elementor-widget-container\">\n\t\t\t\t\t\t\t\t\t<p><strong>Art.5<\/strong><\/p>\t\t\t\t\t\t\t\t<\/div>\n\t\t\t\t<\/div>\n\t\t\t\t<div class=\"elementor-element elementor-element-db71a24 elementor-widget elementor-widget-text-editor\" data-id=\"db71a24\" data-element_type=\"widget\" data-widget_type=\"text-editor.default\">\n\t\t\t\t<div class=\"elementor-widget-container\">\n\t\t\t\t\t\t\t\t\t<p>La domanda di adesione, se accolta, impegna l\u2019associato a tutti gli effetti di legge e statutari, nonch\u00e9 al versamento dei contributi associativi per l\u2019anno in corso.\u00a0<span style=\"font-size: 16px;\">L\u2019esercizio dei diritti associativi e di quelli inerenti alle cariche ricoperte spetta agli associati regolarmente iscritti soltanto se in regola con il versamento dei contributi associativi ordinari e straordinari.<\/span><\/p><p>GIi associati sono tenuti ad osservare tutte le deliberazioni adottate dagli Organi dell\u2019Associazione e tutte le disposizioni da questi emanate, nonch\u00e9 a fornire all&#8217;Associazione gli elementi, notizie e dati richiesti per il raggiungimento degli scopi associativi.<\/p>\t\t\t\t\t\t\t\t<\/div>\n\t\t\t\t<\/div>\n\t\t\t\t<div class=\"elementor-element elementor-element-af8e883 elementor-widget elementor-widget-text-editor\" data-id=\"af8e883\" data-element_type=\"widget\" data-widget_type=\"text-editor.default\">\n\t\t\t\t<div class=\"elementor-widget-container\">\n\t\t\t\t\t\t\t\t\t<p><strong>Art.6<\/strong><\/p>\t\t\t\t\t\t\t\t<\/div>\n\t\t\t\t<\/div>\n\t\t\t\t<div class=\"elementor-element elementor-element-9c77f65 elementor-widget elementor-widget-text-editor\" data-id=\"9c77f65\" data-element_type=\"widget\" data-widget_type=\"text-editor.default\">\n\t\t\t\t<div class=\"elementor-widget-container\">\n\t\t\t\t\t\t\t\t\t<p>L\u2019associato \u00e8 tenuto al versamento:<\/p>\n<ul>\n<li>del contributo ordinario annuo, quale stabilito annualmente dal Consiglio Direttivo, da versarsi entro il mese di aprile, in rapporto alle esigenze finanziarie dell\u2019Associazione;<\/li>\n<li>di eventuali contributi straordinari e di eventuali contributi fissati annualmente dall\u2019Organizzazione Nazionale cui aderisce l\u2019Associazione.<\/li>\n<\/ul>\n<p>Contro l\u2019associato moroso l\u2019Associazione pu\u00f2 procedere giudizialmente per iI recupero dei contributi dovuti, decorsi giorni trenta dalla scadenza del termine di eventuali contributi integrativi annuali stabiliti dai rispettivi organismi sindacali di categoria.<\/p>\t\t\t\t\t\t\t\t<\/div>\n\t\t\t\t<\/div>\n\t\t\t\t<div class=\"elementor-element elementor-element-2278712 elementor-widget-divider--view-line elementor-widget elementor-widget-divider\" data-id=\"2278712\" data-element_type=\"widget\" data-widget_type=\"divider.default\">\n\t\t\t\t<div class=\"elementor-widget-container\">\n\t\t\t\t\t\t\t<div class=\"elementor-divider\">\n\t\t\t<span class=\"elementor-divider-separator\">\n\t\t\t\t\t\t<\/span>\n\t\t<\/div>\n\t\t\t\t\t\t<\/div>\n\t\t\t\t<\/div>\n\t\t\t\t<div class=\"elementor-element elementor-element-f2e0c7f elementor-widget elementor-widget-text-editor\" data-id=\"f2e0c7f\" data-element_type=\"widget\" data-widget_type=\"text-editor.default\">\n\t\t\t\t<div class=\"elementor-widget-container\">\n\t\t\t\t\t\t\t\t\t<p><strong>Titolo III &#8211; Organizzazione Interna<\/strong><\/p>\t\t\t\t\t\t\t\t<\/div>\n\t\t\t\t<\/div>\n\t\t\t\t<div class=\"elementor-element elementor-element-f9642d3 elementor-widget elementor-widget-text-editor\" data-id=\"f9642d3\" data-element_type=\"widget\" data-widget_type=\"text-editor.default\">\n\t\t\t\t<div class=\"elementor-widget-container\">\n\t\t\t\t\t\t\t\t\t<p><strong>Art.7<\/strong><\/p>\t\t\t\t\t\t\t\t<\/div>\n\t\t\t\t<\/div>\n\t\t\t\t<div class=\"elementor-element elementor-element-af3e529 elementor-widget elementor-widget-text-editor\" data-id=\"af3e529\" data-element_type=\"widget\" data-widget_type=\"text-editor.default\">\n\t\t\t\t<div class=\"elementor-widget-container\">\n\t\t\t\t\t\t\t\t\t<p>Tenuto conto delle singole attivit\u00e0 esercitate, gli associati possono essere inquadrati nel rispettivo Sindacato (talora denominato anche Associazione) di categoria.<\/p><p>In caso di pluralit\u00e0 di attivit\u00e0 l\u2019assegnazione verr\u00e0 attuata in base al ramo di attivit\u00e0 prevalente indicata dall\u2019interessato: a tale Sindacato di Categoria l&#8217;associato parteciper\u00e0 in qualit\u00e0 di associato primario con tutti i diritti attivi e passivi.<\/p><p>L\u2019associato pu\u00f2 richiedere la partecipazione, quale associato secondario, ad altri Sindacati di Categoria riflettenti attivit\u00e0 secondarie della sua azienda a solo titolo informativo e consultivo per la quale non consegue titolo di eleggibilit\u00e0 ed oneri sociali. Quando insorgano modifiche o divergenze sull\u2019assegnazione di associato primario, ogni decisione in proposito spetta aI Consiglio Direttivo dell\u2019Associazione.<\/p><p>La formazione di un Sindacato di Categoria deve essere richiesta, ordinariamente, da almeno 15 associati aI Consiglio Direttivo che ne delibera la costituzione in base all\u2019opportunit\u00e0 tenuti presenti gli scopi dell&#8217;Associazione.<\/p><p>Non \u00e8 ammessa la costituzione di pi\u00f9 sindacati per una stessa categoria.<\/p><p>In Casi particolari, il Consiglio Direttivo potr\u00e0 deliberare la formazione di un Sindacato di Categoria su richiesta di meno di quindici associati, avendo presente specifiche opportunit\u00e0 sotto il profilo economico rappresentativo.<\/p><p>Ogni Sindacato di categoria potr\u00e0 essere regolato da un proprio regolamento interno, approvato dal Consiglio Direttivo non in contrasto con iI presente Statuto.<\/p><p>Ogni Sindacato di categoria elegge un Consiglio Direttivo la cui composizione e stabilita nel relativo regolamento.<\/p><p>II regolamento dovr\u00e0 altres\u00ec prevedere le modalit\u00e0 organizzative interne ed i poteri dell\u2019Assemblea, del Consiglio Direttivo e del Presidente.<\/p><p>I Consigli Direttivi dei Sindacati di Categoria dovranno riunirsi almeno due volte all\u2019anno e le assemblee almeno una volta all\u2019anno.<\/p><p>Ogni Sindacato di Categoria ha la propria sede presso l\u2019Associazione, la quale matte a disposizione personale, servizi e locali per quanto \u00e8 necessario allo svolgimento delle attivit\u00e0. Eventuali deroghe dovranno essere approvate e consentite dal Consiglio Direttivo dell\u2019Associazione Che dovr\u00e0 altres\u00ec approvare i regolamenti interni di ciascun Sindacato di categoria.<\/p><p>Ciascun Sindacato di categoria dovr\u00e0 trasmettere atti politicamente rilevanti e le relative delibere al Presidente dell&#8217;Associazione.<\/p>\t\t\t\t\t\t\t\t<\/div>\n\t\t\t\t<\/div>\n\t\t\t\t<div class=\"elementor-element elementor-element-0b007fe elementor-widget-divider--view-line elementor-widget elementor-widget-divider\" data-id=\"0b007fe\" data-element_type=\"widget\" data-widget_type=\"divider.default\">\n\t\t\t\t<div class=\"elementor-widget-container\">\n\t\t\t\t\t\t\t<div class=\"elementor-divider\">\n\t\t\t<span class=\"elementor-divider-separator\">\n\t\t\t\t\t\t<\/span>\n\t\t<\/div>\n\t\t\t\t\t\t<\/div>\n\t\t\t\t<\/div>\n\t\t\t\t<div class=\"elementor-element elementor-element-d05be25 elementor-widget elementor-widget-text-editor\" data-id=\"d05be25\" data-element_type=\"widget\" data-widget_type=\"text-editor.default\">\n\t\t\t\t<div class=\"elementor-widget-container\">\n\t\t\t\t\t\t\t\t\t<p><strong>Titolo IV &#8211; Organi dell&#8217;Associazione<\/strong><\/p>\t\t\t\t\t\t\t\t<\/div>\n\t\t\t\t<\/div>\n\t\t\t\t<div class=\"elementor-element elementor-element-75cc0d0 elementor-widget elementor-widget-text-editor\" data-id=\"75cc0d0\" data-element_type=\"widget\" data-widget_type=\"text-editor.default\">\n\t\t\t\t<div class=\"elementor-widget-container\">\n\t\t\t\t\t\t\t\t\t<p><strong>Art.8<\/strong><\/p>\t\t\t\t\t\t\t\t<\/div>\n\t\t\t\t<\/div>\n\t\t\t\t<div class=\"elementor-element elementor-element-7f8f2b6 elementor-widget elementor-widget-text-editor\" data-id=\"7f8f2b6\" data-element_type=\"widget\" data-widget_type=\"text-editor.default\">\n\t\t\t\t<div class=\"elementor-widget-container\">\n\t\t\t\t\t\t\t\t\t<p>Sono Organi dell\u2019Associazione:<\/p><ul><li>L\u2019Assemblea Generale degli Associati;<\/li><li>il Consiglio Direttivo;<\/li><li>il Presidente;<\/li><li>il Revisore legale (eventuale).<\/li><\/ul>\t\t\t\t\t\t\t\t<\/div>\n\t\t\t\t<\/div>\n\t\t\t\t<div class=\"elementor-element elementor-element-b7915f3 elementor-widget elementor-widget-text-editor\" data-id=\"b7915f3\" data-element_type=\"widget\" data-widget_type=\"text-editor.default\">\n\t\t\t\t<div class=\"elementor-widget-container\">\n\t\t\t\t\t\t\t\t\t<p><strong>Art.9<\/strong><\/p>\t\t\t\t\t\t\t\t<\/div>\n\t\t\t\t<\/div>\n\t\t\t\t<div class=\"elementor-element elementor-element-f9b495b elementor-widget elementor-widget-text-editor\" data-id=\"f9b495b\" data-element_type=\"widget\" data-widget_type=\"text-editor.default\">\n\t\t\t\t<div class=\"elementor-widget-container\">\n\t\t\t\t\t\t\t\t\t<p>L\u2019Assemblea Generale degli Associati \u00e8 costituita da tutti gli associati ed \u00e8<br \/>presieduta dal Presidente dell\u2019Associazione.<\/p><p>\u00c8 convocata dal Presidente o su richiesta scritta di almeno un terzo degli associati una volta l\u2019anno.<\/p><p>Le convocazioni sono fatte dal Presidente con avviso contenente la data, l&#8217;ora, il luogo e gli argomenti da trattare, mediante lettera raccomandata o posta elettronica spedite agli associati almeno sei giorni prima della data fissata per l\u2019adunanza. Altres\u00ec, la convocazione deve essere affissa presso la sede e pu\u00f2 essere pubblicata sull\u2019organo di stampa dell\u2019Associazione nello stesso termine sopra indicato.<\/p><p>Le deliberazioni dell&#8217;Assemblea sono prese in prima convocazione a maggioranza di voti e con la presenza di almeno la met\u00e0 degli associati. In seconda convocazione le deliberazioni sono assunte a maggioranza dei presenti, qualunque sia il numero degli intervenuti. \u00c8 fatto salvo quanto previsto dal successivo art. 23, per il caso di scioglimento dell\u2019Associazione.<\/p><p>L\u2019Assemblea non pu\u00f2 riunirsi, in seconda convocazione, nello stesso giorno della prima convocazione. La partecipazione alle riunioni dell\u2019Assemblea pu\u00f2 avvenire anche con sistemi di telecomunicazione (audio-video conferenza).<\/p><p>GIi Associati possono farsi rappresentare solo da associati: ogni associato non potr\u00e0 avere pi\u00f9 di tre deleghe.<\/p><p>L&#8217;assemblea:<\/p><ul><li>nomina e revoca i componenti degli organi sociali;<\/li><li>nomina e revoca, quando previsto, il soggetto incaricato della revisione legale dei conti;<\/li><li>approva il bilancio;<\/li><li>delibera sulla responsabilit\u00e0 dei componenti degli organi sociali e promuove azione di responsabilit\u00e0 nei loro confronti;<\/li><li>delibera sulle modificazioni del presente statuto e lo scioglimento dell&#8217;associazione;<\/li><li>approva l\u2019eventuale regolamento interno;<\/li><li>delibera sugli altri oggetti attribuiti dalla legge o dal presente statuto aIIa sua competenza.<\/li><\/ul>\t\t\t\t\t\t\t\t<\/div>\n\t\t\t\t<\/div>\n\t\t\t\t<div class=\"elementor-element elementor-element-a7de070 elementor-widget elementor-widget-text-editor\" data-id=\"a7de070\" data-element_type=\"widget\" data-widget_type=\"text-editor.default\">\n\t\t\t\t<div class=\"elementor-widget-container\">\n\t\t\t\t\t\t\t\t\t<p><strong>Art.10<\/strong><\/p>\t\t\t\t\t\t\t\t<\/div>\n\t\t\t\t<\/div>\n\t\t\t\t<div class=\"elementor-element elementor-element-2df84d2 elementor-widget elementor-widget-text-editor\" data-id=\"2df84d2\" data-element_type=\"widget\" data-widget_type=\"text-editor.default\">\n\t\t\t\t<div class=\"elementor-widget-container\">\n\t\t\t\t\t\t\t\t\t<p>II Consiglio Direttivo \u00e8 composto da 3, 5 o 7 membri, eletti tra i gli associati.<\/p><p>I suoi componenti durano in carica 5 esercizi e scadono alla data dell\u2019assemblea convocata per l\u2019approvazione del bilancio relativo all&#8217;ultimo esercizio della loro carica. Essi sono rieleggibili.<\/p><p>Se non vi ha gi\u00e0 provveduto l\u2019Assemblea in sede di nomina, il Consiglio elegge tra i suoi componenti il Presidente ed un Vice-presidente. Elegge altres\u00ec un Segretario ed un Tesoriere, cariche anche cumulabili nello stesso soggetto.<\/p><p>II Consiglio Direttivo si riunisce di norma ogni quattro mesi e quante altre volte sia ritenuto opportuno dal Presidente o ne sia avanzata richiesta a maggioranza dei suoi componenti.<\/p><p>I membri del Consiglio Direttivo non possono farsi rappresentare. Essi decadono automaticamente dall\u2019incarico con la perdita della loro qualit\u00e0 di soci dell\u2019Associazione.<\/p><p>In tal caso l\u2019Assemblea provvede a coprire i posti resisi vacanti mediante nuove elezioni.<\/p><p>II Consiglio Direttivo e convocato con avviso contenente la data, l\u2019ora, il luogo e gli argomenti da trattare deve essere inviato via email almeno 6 giorni prima della data fissata e potr\u00e0 anche essere affisso nei locali dell\u2019Associazione.<\/p><p>Sono comunque valide le riunioni del Consiglio ove partecipino tutti i Consiglieri e nessuno si oppone alla trattazione degli argomenti all\u2019ordine del giorno.<\/p><p>II Consiglio Direttivo \u00e8 validamente riunito con la met\u00e0 pi\u00f9 uno dei suoi componenti; delibera a maggioranza dei presenti e, in caso di parit\u00e0, prevale il voto del Presidente. Le riunioni del Consiglio Direttivo possono tenersi anche con sistemi di telecomunicazione (audio-video conferenza).<\/p>\t\t\t\t\t\t\t\t<\/div>\n\t\t\t\t<\/div>\n\t\t\t\t<div class=\"elementor-element elementor-element-a700a67 elementor-widget elementor-widget-text-editor\" data-id=\"a700a67\" data-element_type=\"widget\" data-widget_type=\"text-editor.default\">\n\t\t\t\t<div class=\"elementor-widget-container\">\n\t\t\t\t\t\t\t\t\t<p><strong>Art.11<\/strong><\/p>\t\t\t\t\t\t\t\t<\/div>\n\t\t\t\t<\/div>\n\t\t\t\t<div class=\"elementor-element elementor-element-ae56b00 elementor-widget elementor-widget-text-editor\" data-id=\"ae56b00\" data-element_type=\"widget\" data-widget_type=\"text-editor.default\">\n\t\t\t\t<div class=\"elementor-widget-container\">\n\t\t\t\t\t\t\t\t\t<p>II Consiglio Direttivo \u00e8 investito di tutti i poteri di gestione ed amministrazione dell\u2019Associazione. In particolare iI Consiglio:<\/p><ul><li>elabora ed attua gli indirizzi generali dati dall\u2019Assemblea;<\/li><li>predispone e cura l\u2019esecuzione;<\/li><li>decide sulle domande di ammissione e su quant\u2019altro previsto all\u2019art. 4 del presente Statuto, relativamente agli associati;<\/li><li>impartisce gli indirizzi politici per la redazione delle relazioni economico-finanziarie e per l\u2019impostazione dei bilanci consuntivi e preventivi;<\/li><li>decide l\u2019ammontare dei contributi sociali ordinari e straordinari e le modalit\u00e0 del loro pagamento;<\/li><li>nomina al suo interno su proposta del Presidente, qualora ne ravvisi la necessit\u00e0, un Consigliere con iI compito di proporre indirizzi per la gestione del patrimonio associativo, di controllare la situazione economico-finanziaria dell&#8217;Associazione, di sovrintendere alla stesura dei bilanci preventivi e consuntivi;<\/li><li>nomina, qualora necessario, su proposta del Presidente, iI Direttore di cui al successivo articolo 18;<\/li><li>delibera la nomina o la revoca di procuratori per singoli atti o per categorie di atti;<\/li><li>istituisce commissioni consultive e comitati tecnici di coordinamento;<\/li><li>predispone i regolamenti e lo scioglimento degli Organismi previsti all\u2019art. 7 del presente Statuto;<\/li><li>assume provvedimenti nel caso di carenze di funzionamento degli Organismi di cui agli art. 7;<\/li><li>nomina i rappresentanti dell\u2019Associazione in seno a Commissioni, Consessi o Enti esterni e\/o interni.<\/li><\/ul><p>II Consiglio Direttivo pu\u00f2 delegare proprie attribuzioni aI Presidente che \u00e8 responsabile dell\u2019esecuzione delle deliberazioni assunte.<\/p>\t\t\t\t\t\t\t\t<\/div>\n\t\t\t\t<\/div>\n\t\t\t\t<div class=\"elementor-element elementor-element-8590ed8 elementor-widget elementor-widget-text-editor\" data-id=\"8590ed8\" data-element_type=\"widget\" data-widget_type=\"text-editor.default\">\n\t\t\t\t<div class=\"elementor-widget-container\">\n\t\t\t\t\t\t\t\t\t<p><strong>Art.12<\/strong><\/p>\t\t\t\t\t\t\t\t<\/div>\n\t\t\t\t<\/div>\n\t\t\t\t<div class=\"elementor-element elementor-element-f817904 elementor-widget elementor-widget-text-editor\" data-id=\"f817904\" data-element_type=\"widget\" data-widget_type=\"text-editor.default\">\n\t\t\t\t<div class=\"elementor-widget-container\">\n\t\t\t\t\t\t\t\t\t<p>II Presidente ha la firma e la legale rappresentanza dell\u2019Associazione di fronte ai terzi ed in giudizio.<\/p><p>Nell\u2019ambito del mandato conferitogli dal Consiglio Direttivo il Presidente pu\u00f2 delegare la propria firma a terzi.<\/p><p>II Presidente in particolare:<\/p><ul><li>pu\u00f2 esercitare, in caso di necessit\u00e0 ed urgenza i poteri del Consiglio Direttivo, riferendo per la ratifica aI Consiglio stesso nella prima riunione successiva;<\/li><li>convoca e presiede l\u2019Assemblea Generale degli Associati ed iI Consiglio Direttivo;<\/li><li>vigila ed interviene nel funzionamento dei Sindacati di Categoria e delle Associazioni locali e deve essere tenuto aI corrente delle loro decisioni ed anche delle loro impostazioni programmatiche nonch\u00e9 delle problematiche attuali o potenziali. Qualora tali decisioni o impostazioni risultassero di grave pregiudizio all\u2019interesse generale dell\u2019Associazione egli pu\u00f2 esercitare iI diritto di veto e rinviare gli atti al Consiglio Direttivo.<\/li><\/ul>\t\t\t\t\t\t\t\t<\/div>\n\t\t\t\t<\/div>\n\t\t\t\t<div class=\"elementor-element elementor-element-65bd769 elementor-widget elementor-widget-text-editor\" data-id=\"65bd769\" data-element_type=\"widget\" data-widget_type=\"text-editor.default\">\n\t\t\t\t<div class=\"elementor-widget-container\">\n\t\t\t\t\t\t\t\t\t<p><strong>Art.13<\/strong><\/p>\t\t\t\t\t\t\t\t<\/div>\n\t\t\t\t<\/div>\n\t\t\t\t<div class=\"elementor-element elementor-element-0e875b5 elementor-widget elementor-widget-text-editor\" data-id=\"0e875b5\" data-element_type=\"widget\" data-widget_type=\"text-editor.default\">\n\t\t\t\t<div class=\"elementor-widget-container\">\n\t\t\t\t\t\t\t\t\t<p>Il Presidente, su conforme parere del Consiglio Direttivo, pu\u00f2 convocare gli Organi di base degli Organismi di cui all\u2019art. 7 del presente Statuto, qualora nella loro attivit\u00e0 si sia determinata una delle seguenti situazioni:<\/p><ul><li>gravi violazioni delle norme statutarie o regolamentari;<\/li><li>grave ritardo nel rinnovo degli Organi associativi;<\/li><li>vizi che comportino la nullit\u00e0 della elezione degli Organi associativi;<\/li><li>contrasto grave ed insanabile tra gli Organi associativi;<\/li><li>dimissioni presentate da oltre met\u00e0 dei componenti il Consiglio Direttivo.<\/li><\/ul>\t\t\t\t\t\t\t\t<\/div>\n\t\t\t\t<\/div>\n\t\t\t\t<div class=\"elementor-element elementor-element-1a53202 elementor-widget elementor-widget-text-editor\" data-id=\"1a53202\" data-element_type=\"widget\" data-widget_type=\"text-editor.default\">\n\t\t\t\t<div class=\"elementor-widget-container\">\n\t\t\t\t\t\t\t\t\t<p><strong>Art.14<\/strong><\/p>\t\t\t\t\t\t\t\t<\/div>\n\t\t\t\t<\/div>\n\t\t\t\t<div class=\"elementor-element elementor-element-092cfbe elementor-widget elementor-widget-text-editor\" data-id=\"092cfbe\" data-element_type=\"widget\" data-widget_type=\"text-editor.default\">\n\t\t\t\t<div class=\"elementor-widget-container\">\n\t\t\t\t\t\t\t\t\t<p>Il Presidente, sentito il Consiglio Direttivo, nomina un Commissario di uno degli Organismi di cui all\u2019art. 7 del presente Statuto nei seguenti Casi:<\/p><ul><li>quando ne \u00e8 fatta richiesta motivata da un organo deliberante dell\u2019organismo stesso, anche in assenza di una specifica norma in tal senso nello Statuto o regolamento dell&#8217;Organismo interessato;<\/li><li>quando sono disattese le deliberazioni dell&#8217;Organo di base nell\u2019ipotesi di cui al precedente art. 15 e perdura la situazione o la carenza che ne ha determinato la convocazione.<\/li><li>Il Presidente su conforme parere del Consiglio Direttivo pu\u00f2 nominare il Commissario di un Organismo di cui all\u2019art. 7 del presente Statuto:<\/li><li>quando la rappresentativit\u00e0 dell&#8217;organismo stesso non raggiunge il 20% delle imprese che rientrano nella propria sfera di competenza organizzativa;<\/li><li>quando negli organi direttivi dell\u2019Organismo si determina un contrasto che provoca gravi carenze di funzionalit\u00e0 e di tutela degli interessi rappresentati.<\/li><\/ul><p>Il Commissario ha tutti i poteri degli Organi statutari o regolamentari dell\u2019organismo interessato e deve convocare l\u2019Organo di base per il rinnovo degli Organi Direttivi entro 6 mesi dalla sua nomina.<\/p><p>Tale termine pu\u00f2 essere prorogato per ulteriori 6 mesi, con eventuale sostituzione del Commissario qualora permangano le condizioni che hanno determinato il commissariamento; nei casi pi\u00f9 gravi pu\u00f2 richiedere al Consiglio Direttivo lo scioglimento di tale Organismo.<\/p>\t\t\t\t\t\t\t\t<\/div>\n\t\t\t\t<\/div>\n\t\t\t\t<div class=\"elementor-element elementor-element-e6bb0bd elementor-widget elementor-widget-text-editor\" data-id=\"e6bb0bd\" data-element_type=\"widget\" data-widget_type=\"text-editor.default\">\n\t\t\t\t<div class=\"elementor-widget-container\">\n\t\t\t\t\t\t\t\t\t<p><strong>Art.15<\/strong><\/p>\t\t\t\t\t\t\t\t<\/div>\n\t\t\t\t<\/div>\n\t\t\t\t<div class=\"elementor-element elementor-element-ecc84a1 elementor-widget elementor-widget-text-editor\" data-id=\"ecc84a1\" data-element_type=\"widget\" data-widget_type=\"text-editor.default\">\n\t\t\t\t<div class=\"elementor-widget-container\">\n\t\t\t\t\t\t\t\t\t<p>L\u2019Associazione pu\u00f2 nominare un revisore legale dei conti iscritto nell\u2019apposito registro.<\/p>\t\t\t\t\t\t\t\t<\/div>\n\t\t\t\t<\/div>\n\t\t\t\t<div class=\"elementor-element elementor-element-8b10ce1 elementor-widget elementor-widget-text-editor\" data-id=\"8b10ce1\" data-element_type=\"widget\" data-widget_type=\"text-editor.default\">\n\t\t\t\t<div class=\"elementor-widget-container\">\n\t\t\t\t\t\t\t\t\t<p><strong>Art.16<\/strong><\/p>\t\t\t\t\t\t\t\t<\/div>\n\t\t\t\t<\/div>\n\t\t\t\t<div class=\"elementor-element elementor-element-d710166 elementor-widget elementor-widget-text-editor\" data-id=\"d710166\" data-element_type=\"widget\" data-widget_type=\"text-editor.default\">\n\t\t\t\t<div class=\"elementor-widget-container\">\n\t\t\t\t\t\t\t\t\t<p>Tutte le cariche previste dal presente Statuto sono gratuite, riservate esclusivamente agli associati. Possono essere rimborsate solo le spese effettivamente sostenute e documentate per l\u2019attivit\u00e0 prestata.<\/p>\t\t\t\t\t\t\t\t<\/div>\n\t\t\t\t<\/div>\n\t\t\t\t<div class=\"elementor-element elementor-element-0a964aa elementor-widget elementor-widget-text-editor\" data-id=\"0a964aa\" data-element_type=\"widget\" data-widget_type=\"text-editor.default\">\n\t\t\t\t<div class=\"elementor-widget-container\">\n\t\t\t\t\t\t\t\t\t<p><strong>Art.17<\/strong><\/p>\t\t\t\t\t\t\t\t<\/div>\n\t\t\t\t<\/div>\n\t\t\t\t<div class=\"elementor-element elementor-element-41d22bd elementor-widget elementor-widget-text-editor\" data-id=\"41d22bd\" data-element_type=\"widget\" data-widget_type=\"text-editor.default\">\n\t\t\t\t<div class=\"elementor-widget-container\">\n\t\t\t\t\t\t\t\t\t<p>Il Consiglio Direttivo, su proposta del Presidente, potr\u00e0 costituire, qualora ne ravvisi l\u2019opportunit\u00e0, delle commissioni di coordinamento per lo studio e la trattazione di particolari problemi di importanza generale.<\/p><p>A tali commissioni potranno partecipare eventuali esperti scelti anche al di fuori degli associati di CASARTIGIANI.<\/p><p>Le risultanze dei lavori di tali Commissioni dovranno essere riferite al Consiglio Direttivo per le decisioni in merito.<\/p>\t\t\t\t\t\t\t\t<\/div>\n\t\t\t\t<\/div>\n\t\t\t\t<div class=\"elementor-element elementor-element-790a05d elementor-widget elementor-widget-text-editor\" data-id=\"790a05d\" data-element_type=\"widget\" data-widget_type=\"text-editor.default\">\n\t\t\t\t<div class=\"elementor-widget-container\">\n\t\t\t\t\t\t\t\t\t<p><strong>Art.18<\/strong><\/p>\t\t\t\t\t\t\t\t<\/div>\n\t\t\t\t<\/div>\n\t\t\t\t<div class=\"elementor-element elementor-element-122aa2e elementor-widget elementor-widget-text-editor\" data-id=\"122aa2e\" data-element_type=\"widget\" data-widget_type=\"text-editor.default\">\n\t\t\t\t<div class=\"elementor-widget-container\">\n\t\t\t\t\t\t\t\t\t<p>Se nominato, il Direttore coadiuva e assiste gli Organi nell\u2019espletamento dei loro compiti, esprime pareri nelle riunioni degli Organi associativi; e capo del personale e sovrintende agli uffici curando il loro regolare funzionamento; propone altres\u00ec i provvedimenti necessari in materia di ordinamento e di riassetto della struttura organizzativa interna.<\/p>\t\t\t\t\t\t\t\t<\/div>\n\t\t\t\t<\/div>\n\t\t\t\t<div class=\"elementor-element elementor-element-92354b7 elementor-widget-divider--view-line elementor-widget elementor-widget-divider\" data-id=\"92354b7\" data-element_type=\"widget\" data-widget_type=\"divider.default\">\n\t\t\t\t<div class=\"elementor-widget-container\">\n\t\t\t\t\t\t\t<div class=\"elementor-divider\">\n\t\t\t<span class=\"elementor-divider-separator\">\n\t\t\t\t\t\t<\/span>\n\t\t<\/div>\n\t\t\t\t\t\t<\/div>\n\t\t\t\t<\/div>\n\t\t\t\t<div class=\"elementor-element elementor-element-5fedac9 elementor-widget elementor-widget-text-editor\" data-id=\"5fedac9\" data-element_type=\"widget\" data-widget_type=\"text-editor.default\">\n\t\t\t\t<div class=\"elementor-widget-container\">\n\t\t\t\t\t\t\t\t\t<p><strong>Titolo V &#8211; Patrimonio &#8211; Esercizio &#8211; Bilancio<\/strong><\/p>\t\t\t\t\t\t\t\t<\/div>\n\t\t\t\t<\/div>\n\t\t\t\t<div class=\"elementor-element elementor-element-a1506c3 elementor-widget elementor-widget-text-editor\" data-id=\"a1506c3\" data-element_type=\"widget\" data-widget_type=\"text-editor.default\">\n\t\t\t\t<div class=\"elementor-widget-container\">\n\t\t\t\t\t\t\t\t\t<p><strong>Art.19<\/strong><\/p>\t\t\t\t\t\t\t\t<\/div>\n\t\t\t\t<\/div>\n\t\t\t\t<div class=\"elementor-element elementor-element-bbc812f elementor-widget elementor-widget-text-editor\" data-id=\"bbc812f\" data-element_type=\"widget\" data-widget_type=\"text-editor.default\">\n\t\t\t\t<div class=\"elementor-widget-container\">\n\t\t\t\t\t\t\t\t\t<p>II patrimonio dell\u2019Associazione e costituito:<\/p><ul><li>dai beni mobili ed immobili, che a qualsiasi titolo divengano di propriet\u00e0 dell\u2019Associazione;<\/li><li>dalle somme acquisite al patrimonio o accantonate per qualsiasi titolo.<\/li><\/ul><p>II patrimonio, comprensivo di eventuali ricavi, rendite, proventi, entrate comunque denominate, deve essere utilizzato solo per lo svolgimento dell\u2019attivit\u00e0 associativa.<\/p>\t\t\t\t\t\t\t\t<\/div>\n\t\t\t\t<\/div>\n\t\t\t\t<div class=\"elementor-element elementor-element-5fd2dea elementor-widget elementor-widget-text-editor\" data-id=\"5fd2dea\" data-element_type=\"widget\" data-widget_type=\"text-editor.default\">\n\t\t\t\t<div class=\"elementor-widget-container\">\n\t\t\t\t\t\t\t\t\t<p><strong>Art.20<\/strong><\/p>\t\t\t\t\t\t\t\t<\/div>\n\t\t\t\t<\/div>\n\t\t\t\t<div class=\"elementor-element elementor-element-ca8d5fd elementor-widget elementor-widget-text-editor\" data-id=\"ca8d5fd\" data-element_type=\"widget\" data-widget_type=\"text-editor.default\">\n\t\t\t\t<div class=\"elementor-widget-container\">\n\t\t\t\t\t\t\t\t\t<p>Le entrate dell\u2019Associazione sono costituite:<\/p><ul><li>dai contributi annuali a carico degli associati;<\/li><li>dagli interessi e vendite patrimoniali;<\/li><li>dai proventi derivanti da partecipazioni in societ\u00e0, Enti ed altre Organizzazioni;<\/li><li>da proventi vari, liberalit\u00e0 o somme riscosse a qualsiasi titolo;<\/li><li>da ricavi relativi alla fornitura di servizi.<\/li><\/ul>\t\t\t\t\t\t\t\t<\/div>\n\t\t\t\t<\/div>\n\t\t\t\t<div class=\"elementor-element elementor-element-ab48bb6 elementor-widget elementor-widget-text-editor\" data-id=\"ab48bb6\" data-element_type=\"widget\" data-widget_type=\"text-editor.default\">\n\t\t\t\t<div class=\"elementor-widget-container\">\n\t\t\t\t\t\t\t\t\t<p><strong>Art.21<\/strong><\/p>\t\t\t\t\t\t\t\t<\/div>\n\t\t\t\t<\/div>\n\t\t\t\t<div class=\"elementor-element elementor-element-bb6026a elementor-widget elementor-widget-text-editor\" data-id=\"bb6026a\" data-element_type=\"widget\" data-widget_type=\"text-editor.default\">\n\t\t\t\t<div class=\"elementor-widget-container\">\n\t\t\t\t\t\t\t\t\t<p>L&#8217;esercizio finanziario ha inizio il 1\u00b0 gennaio di ciascun anno e si chiude il 31 dicembre.<\/p>\t\t\t\t\t\t\t\t<\/div>\n\t\t\t\t<\/div>\n\t\t\t\t<div class=\"elementor-element elementor-element-16507b9 elementor-widget elementor-widget-text-editor\" data-id=\"16507b9\" data-element_type=\"widget\" data-widget_type=\"text-editor.default\">\n\t\t\t\t<div class=\"elementor-widget-container\">\n\t\t\t\t\t\t\t\t\t<p><strong>Art.22<\/strong><\/p>\t\t\t\t\t\t\t\t<\/div>\n\t\t\t\t<\/div>\n\t\t\t\t<div class=\"elementor-element elementor-element-f8b42a5 elementor-widget elementor-widget-text-editor\" data-id=\"f8b42a5\" data-element_type=\"widget\" data-widget_type=\"text-editor.default\">\n\t\t\t\t<div class=\"elementor-widget-container\">\n\t\t\t\t\t\t\t\t\t<p>Al termine di ogni esercizio, il Consiglio Direttivo deve redigere il bilancio consuntivo che sar\u00e0 sottoposto all\u2019approvazione dell\u2019Assemblea entro quattro mesi dalla chiusura dell\u2019esercizio.<\/p><p>Contestualmente, deve essere predisposto un bilancio preventivo per l&#8217;anno in corso.<\/p><p>\u00c8 vietata la distribuzione, anche indiretta, di utili ed avanzi di gestione, fondi e riserve comunque denominate a fondatori, associati, lavoratori e collaboratori, amministratori ed altri componenti degli organi sociali, anche nel caso di recesso o di ogni altra ipotesi di scioglimento individuale del rapporto associativo.<\/p><p>L\u2019Assemblea delibera sulla destinazione dell&#8217;avanzo e sulla copertura delle perdite, ove non deliberato dal Consiglio Direttivo.<\/p>\t\t\t\t\t\t\t\t<\/div>\n\t\t\t\t<\/div>\n\t\t\t\t<div class=\"elementor-element elementor-element-45b42d6 elementor-widget-divider--view-line elementor-widget elementor-widget-divider\" data-id=\"45b42d6\" data-element_type=\"widget\" data-widget_type=\"divider.default\">\n\t\t\t\t<div class=\"elementor-widget-container\">\n\t\t\t\t\t\t\t<div class=\"elementor-divider\">\n\t\t\t<span class=\"elementor-divider-separator\">\n\t\t\t\t\t\t<\/span>\n\t\t<\/div>\n\t\t\t\t\t\t<\/div>\n\t\t\t\t<\/div>\n\t\t\t\t<div class=\"elementor-element elementor-element-69e15dc elementor-widget elementor-widget-text-editor\" data-id=\"69e15dc\" data-element_type=\"widget\" data-widget_type=\"text-editor.default\">\n\t\t\t\t<div class=\"elementor-widget-container\">\n\t\t\t\t\t\t\t\t\t<p><strong>Titolo VI &#8211; Scioglimento e Liquidazione<\/strong><\/p>\t\t\t\t\t\t\t\t<\/div>\n\t\t\t\t<\/div>\n\t\t\t\t<div class=\"elementor-element elementor-element-81e0672 elementor-widget elementor-widget-text-editor\" data-id=\"81e0672\" data-element_type=\"widget\" data-widget_type=\"text-editor.default\">\n\t\t\t\t<div class=\"elementor-widget-container\">\n\t\t\t\t\t\t\t\t\t<p><strong>Art.23<\/strong><\/p>\t\t\t\t\t\t\t\t<\/div>\n\t\t\t\t<\/div>\n\t\t\t\t<div class=\"elementor-element elementor-element-db5bcd8 elementor-widget elementor-widget-text-editor\" data-id=\"db5bcd8\" data-element_type=\"widget\" data-widget_type=\"text-editor.default\">\n\t\t\t\t<div class=\"elementor-widget-container\">\n\t\t\t\t\t\t\t\t\t<p>Lo scioglimento dell\u2019Associazione deve essere deliberato dall\u2019Assemblea Generale degli Associati con il voto favorevole di almeno 2\/3 degli aventi diritto, in prima convocazione, e senza limiti in seconda convocazione. In caso di liquidazione l\u2019Assemblea Generale degli Associati nominer\u00e0 uno o pi\u00f9 liquidatori scelti anche non associati e ne determiner\u00e0 i poteri.<\/p><p>In caso di scioglimento dell&#8217;Associazione, per qualunque causa, il suo eventuale patrimonio residuo dovr\u00e0 essere devoluto ad altra associazione con finalit\u00e0 analoghe o a fini di pubblica utilit\u00e0.<\/p>\t\t\t\t\t\t\t\t<\/div>\n\t\t\t\t<\/div>\n\t\t\t\t<div class=\"elementor-element elementor-element-1894d86 elementor-widget-divider--view-line elementor-widget elementor-widget-divider\" data-id=\"1894d86\" data-element_type=\"widget\" data-widget_type=\"divider.default\">\n\t\t\t\t<div class=\"elementor-widget-container\">\n\t\t\t\t\t\t\t<div class=\"elementor-divider\">\n\t\t\t<span class=\"elementor-divider-separator\">\n\t\t\t\t\t\t<\/span>\n\t\t<\/div>\n\t\t\t\t\t\t<\/div>\n\t\t\t\t<\/div>\n\t\t\t\t<div class=\"elementor-element elementor-element-a8540b3 elementor-widget elementor-widget-text-editor\" data-id=\"a8540b3\" data-element_type=\"widget\" data-widget_type=\"text-editor.default\">\n\t\t\t\t<div class=\"elementor-widget-container\">\n\t\t\t\t\t\t\t\t\t<p><strong>Titolo VII &#8211; Disposizioni Finali<\/strong><\/p>\t\t\t\t\t\t\t\t<\/div>\n\t\t\t\t<\/div>\n\t\t\t\t<div class=\"elementor-element elementor-element-2b18870 elementor-widget elementor-widget-text-editor\" data-id=\"2b18870\" data-element_type=\"widget\" data-widget_type=\"text-editor.default\">\n\t\t\t\t<div class=\"elementor-widget-container\">\n\t\t\t\t\t\t\t\t\t<p><strong>Art.24<\/strong><\/p>\t\t\t\t\t\t\t\t<\/div>\n\t\t\t\t<\/div>\n\t\t\t\t<div class=\"elementor-element elementor-element-beb8fdf elementor-widget elementor-widget-text-editor\" data-id=\"beb8fdf\" data-element_type=\"widget\" data-widget_type=\"text-editor.default\">\n\t\t\t\t<div class=\"elementor-widget-container\">\n\t\t\t\t\t\t\t\t\t<p>il presente Statuto potr\u00e0 essere completato da apposito regolamento interno che deve essere approvato dall\u2019Assemblea su predisposizione del Consiglio Direttivo.<\/p>\t\t\t\t\t\t\t\t<\/div>\n\t\t\t\t<\/div>\n\t\t\t\t<div class=\"elementor-element elementor-element-cfdc43e elementor-widget elementor-widget-text-editor\" data-id=\"cfdc43e\" data-element_type=\"widget\" data-widget_type=\"text-editor.default\">\n\t\t\t\t<div class=\"elementor-widget-container\">\n\t\t\t\t\t\t\t\t\t<p><strong>Art.25<\/strong><\/p>\t\t\t\t\t\t\t\t<\/div>\n\t\t\t\t<\/div>\n\t\t\t\t<div class=\"elementor-element elementor-element-70ed60d elementor-widget elementor-widget-text-editor\" data-id=\"70ed60d\" data-element_type=\"widget\" data-widget_type=\"text-editor.default\">\n\t\t\t\t<div class=\"elementor-widget-container\">\n\t\t\t\t\t\t\t\t\t<p>Per i casi non disciplinati dal presente Statuto si applicano, in quanto compatibili, le disposizioni dello Statuto confederale e le norme dettate dal Codice Civile in materia di associazioni non riconosciute.<\/p>\t\t\t\t\t\t\t\t<\/div>\n\t\t\t\t<\/div>\n\t\t\t\t<div class=\"elementor-element elementor-element-842bd3d elementor-widget-divider--view-line elementor-widget elementor-widget-divider\" data-id=\"842bd3d\" data-element_type=\"widget\" data-widget_type=\"divider.default\">\n\t\t\t\t<div class=\"elementor-widget-container\">\n\t\t\t\t\t\t\t<div class=\"elementor-divider\">\n\t\t\t<span class=\"elementor-divider-separator\">\n\t\t\t\t\t\t<\/span>\n\t\t<\/div>\n\t\t\t\t\t\t<\/div>\n\t\t\t\t<\/div>\n\t\t\t\t\t<\/div>\n\t\t<\/div>\n\t\t\t\t\t<\/div>\n\t\t<\/section>\n\t\t\t\t<\/div>\n\t\t","protected":false},"excerpt":{"rendered":"<p>STATUTO Titolo I &#8211; Costituzione &#8211; Sede &#8211; Durata &#8211; Scopi Art.1 Ai sensi degli artt.36 e ss. del c.c., \u00c8 costituita L\u2019Associazione denominata &#8220;SINDACATO ARTIGIANI\u201d, siglabile &#8220;CASARTIGIANI\u201d. Essa ha sede legale in Torino Via Gian Domenico Cassini n. 44. La durata dell\u2019Associazione \u00e8 illimitata ed \u00e8 L\u2019Assemblea Generale degli Associati che ne potr\u00e0 determinare [&hellip;]<\/p>\n","protected":false},"author":2,"featured_media":0,"parent":0,"menu_order":0,"comment_status":"closed","ping_status":"closed","template":"","meta":{"ocean_post_layout":"full-width","ocean_both_sidebars_style":"","ocean_both_sidebars_content_width":0,"ocean_both_sidebars_sidebars_width":0,"ocean_sidebar":"0","ocean_second_sidebar":"0","ocean_disable_margins":"enable","ocean_add_body_class":"","ocean_shortcode_before_top_bar":"","ocean_shortcode_after_top_bar":"","ocean_shortcode_before_header":"","ocean_shortcode_after_header":"","ocean_has_shortcode":"","ocean_shortcode_after_title":"","ocean_shortcode_before_footer_widgets":"","ocean_shortcode_after_footer_widgets":"","ocean_shortcode_before_footer_bottom":"","ocean_shortcode_after_footer_bottom":"","ocean_display_top_bar":"default","ocean_display_header":"default","ocean_header_style":"","ocean_center_header_left_menu":"0","ocean_custom_header_template":"0","ocean_custom_logo":0,"ocean_custom_retina_logo":0,"ocean_custom_logo_max_width":0,"ocean_custom_logo_tablet_max_width":0,"ocean_custom_logo_mobile_max_width":0,"ocean_custom_logo_max_height":0,"ocean_custom_logo_tablet_max_height":0,"ocean_custom_logo_mobile_max_height":0,"ocean_header_custom_menu":"0","ocean_menu_typo_font_family":"0","ocean_menu_typo_font_subset":"","ocean_menu_typo_font_size":0,"ocean_menu_typo_font_size_tablet":0,"ocean_menu_typo_font_size_mobile":0,"ocean_menu_typo_font_size_unit":"px","ocean_menu_typo_font_weight":"","ocean_menu_typo_font_weight_tablet":"","ocean_menu_typo_font_weight_mobile":"","ocean_menu_typo_transform":"","ocean_menu_typo_transform_tablet":"","ocean_menu_typo_transform_mobile":"","ocean_menu_typo_line_height":0,"ocean_menu_typo_line_height_tablet":0,"ocean_menu_typo_line_height_mobile":0,"ocean_menu_typo_line_height_unit":"","ocean_menu_typo_spacing":0,"ocean_menu_typo_spacing_tablet":0,"ocean_menu_typo_spacing_mobile":0,"ocean_menu_typo_spacing_unit":"","ocean_menu_link_color":"","ocean_menu_link_color_hover":"","ocean_menu_link_color_active":"","ocean_menu_link_background":"","ocean_menu_link_hover_background":"","ocean_menu_link_active_background":"","ocean_menu_social_links_bg":"","ocean_menu_social_hover_links_bg":"","ocean_menu_social_links_color":"","ocean_menu_social_hover_links_color":"","ocean_disable_title":"default","ocean_disable_heading":"default","ocean_post_title":"","ocean_post_subheading":"","ocean_post_title_style":"","ocean_post_title_background_color":"","ocean_post_title_background":0,"ocean_post_title_bg_image_position":"","ocean_post_title_bg_image_attachment":"","ocean_post_title_bg_image_repeat":"","ocean_post_title_bg_image_size":"","ocean_post_title_height":0,"ocean_post_title_bg_overlay":0.5,"ocean_post_title_bg_overlay_color":"","ocean_disable_breadcrumbs":"default","ocean_breadcrumbs_color":"","ocean_breadcrumbs_separator_color":"","ocean_breadcrumbs_links_color":"","ocean_breadcrumbs_links_hover_color":"","ocean_display_footer_widgets":"default","ocean_display_footer_bottom":"default","ocean_custom_footer_template":"0","footnotes":""},"class_list":["post-1040","page","type-page","status-publish","hentry","entry"],"_links":{"self":[{"href":"https:\/\/sindart.it\/index.php?rest_route=\/wp\/v2\/pages\/1040","targetHints":{"allow":["GET"]}}],"collection":[{"href":"https:\/\/sindart.it\/index.php?rest_route=\/wp\/v2\/pages"}],"about":[{"href":"https:\/\/sindart.it\/index.php?rest_route=\/wp\/v2\/types\/page"}],"author":[{"embeddable":true,"href":"https:\/\/sindart.it\/index.php?rest_route=\/wp\/v2\/users\/2"}],"replies":[{"embeddable":true,"href":"https:\/\/sindart.it\/index.php?rest_route=%2Fwp%2Fv2%2Fcomments&post=1040"}],"version-history":[{"count":22,"href":"https:\/\/sindart.it\/index.php?rest_route=\/wp\/v2\/pages\/1040\/revisions"}],"predecessor-version":[{"id":1308,"href":"https:\/\/sindart.it\/index.php?rest_route=\/wp\/v2\/pages\/1040\/revisions\/1308"}],"wp:attachment":[{"href":"https:\/\/sindart.it\/index.php?rest_route=%2Fwp%2Fv2%2Fmedia&parent=1040"}],"curies":[{"name":"wp","href":"https:\/\/api.w.org\/{rel}","templated":true}]}}